{"id":1652,"date":"2026-03-27T17:33:08","date_gmt":"2026-03-27T17:33:08","guid":{"rendered":"https:\/\/dondevamos.com.ar\/wp\/?post_type=agenda&#038;p=1652"},"modified":"2026-03-27T17:33:09","modified_gmt":"2026-03-27T17:33:09","slug":"el-colegio-de-psicologos-pidio-reunion-urgente-con-la-corte-suprema-de-santa-fe","status":"publish","type":"agenda","link":"https:\/\/dondevamos.com.ar\/wp\/agenda\/el-colegio-de-psicologos-pidio-reunion-urgente-con-la-corte-suprema-de-santa-fe\/","title":{"rendered":"EL COLEGIO DE PSIC\u00d3LOGOS PIDI\u00d3 REUNI\u00d3N URGENTE CON LA CORTE SUPREMA DE SANTA FE"},"content":{"rendered":"\n<p><\/p>\n\n\n\n<p>El Colegio de Psic\u00f3logas y Psic\u00f3logos de Santa Fe (Segunda Circunscripci\u00f3n) solicit\u00f3 una reuni\u00f3n urgente con la Corte Suprema de Justicia de la provincia, en medio de la pol\u00e9mica por denuncias de falsos informes en causas de abuso infantil. Tres psic\u00f3logas rosarinas est\u00e1n en la mira de abogados de padres desvinculados de sus hijos, quienes cuestionan la elaboraci\u00f3n de los informes judiciales.<\/p>\n\n\n\n<p>La entidad expres\u00f3 \u00abprofunda preocupaci\u00f3n ante el tratamiento que se viene realizando de situaciones que involucran a infancias judicializadas\u00bb y advirti\u00f3 que ni\u00f1os y ni\u00f1as pueden ser \u00abrevictimizados en estas narrativas\u00bb. En su comunicado, el Colegio defendi\u00f3 la validez de los informes psicol\u00f3gicos como herramientas del campo profesional, aclarando que \u00abde ninguna manera constituyen una sentencia\u00bb sino que deben ser considerados en el marco de otros elementos del proceso judicial.<\/p>\n\n\n\n<p>La instituci\u00f3n tambi\u00e9n alert\u00f3 sobre \u00abel vaciamiento de las pol\u00edticas sociales destinadas a la ni\u00f1ez y la adolescencia\u00bb, se\u00f1alando que esto genera \u00abun marco propicio para el auge de discursos que tienen por objetivo la deslegitimaci\u00f3n\u00bb de las pr\u00e1cticas profesionales vinculadas a la protecci\u00f3n de menores. Las denuncias est\u00e1n siendo investigadas por la fiscal Guillermina Aiello desde septiembre pasado.<\/p>\n\n\n\n<p>El Colegio remarc\u00f3 que muchos ni\u00f1os, ni\u00f1as y adolescentes \u00abpasan judicializadas gran parte de sus vidas en un sistema que no est\u00e1 preparado\u00bb para abordar la complejidad de las problem\u00e1ticas que los atraviesan, e insisti\u00f3 en la necesidad de poner en el centro los cuidados que requieren las infancias.<\/p>\n","protected":false},"featured_media":1653,"template":"","meta":{"_acf_changed":false},"seccion":[19,11],"tipo_de_evento":[],"class_list":["post-1652","agenda","type-agenda","status-publish","has-post-thumbnail","hentry","seccion-actualidad","seccion-portada-izquierda"],"acf":{"fecha_inicio_de_evento":{"simple_value_formatted":"","value_formatted":"","value":"","field":{"ID":1313,"key":"field_69b7addf2bc8b","label":"Fecha Inicio de Evento (opcional para crear y mostrar Rango)","name":"fecha_inicio_de_evento","aria-label":"","prefix":"acf","type":"date_time_picker","value":null,"menu_order":0,"instructions":"","required":0,"id":"","class":"","conditional_logic":0,"parent":1246,"wrapper":{"width":"","class":"","id":""},"display_format":"j F, g:i a","return_format":"j F, g:i a","first_day":1,"default_to_current_date":0,"allow_in_bindings":0,"_name":"fecha_inicio_de_evento","_valid":1}},"fecha_de_evento":{"simple_value_formatted":"","value_formatted":"","value":"","field":{"ID":1247,"key":"field_69b5c6ada84ac","label":"Fecha de Evento (Fin)","name":"fecha_de_evento","aria-label":"","prefix":"acf","type":"date_time_picker","value":null,"menu_order":1,"instructions":"","required":0,"id":"","class":"","conditional_logic":0,"parent":1246,"wrapper":{"width":"","class":"","id":""},"display_format":"j F, g:i a","return_format":"j F, g:i a","first_day":1,"default_to_current_date":0,"allow_in_bindings":0,"_name":"fecha_de_evento","_valid":1}},"dias_del_rango":{"simple_value_formatted":"todos","value_formatted":"todos","value":"todos","field":{"ID":1323,"key":"field_69b7ba6cac7d1","label":"D\u00edas del rango","name":"dias_del_rango","aria-label":"","prefix":"acf","type":"radio","value":null,"menu_order":2,"instructions":"","required":0,"id":"","class":"","conditional_logic":0,"parent":1246,"wrapper":{"width":"","class":"","id":""},"choices":{"todos":"Todo el rango","habiles":"D\u00edas h\u00e1biles (Lun-Vie)","finde":"Fines de semana (S\u00e1b-Dom)"},"default_value":"todos","return_format":"value","allow_null":0,"other_choice":0,"allow_in_bindings":0,"layout":"vertical","save_other_choice":0,"_name":"dias_del_rango","_valid":1}},"fechas_extra":{"simple_value_formatted":"","value_formatted":"","value":"","field":{"ID":1317,"key":"field_69b7b43578fd9","label":"Fechas extra separadas por coma. Formato: YYYY-MM-DD HH. Ej: 2026-03-21 21, 2026-03-28 21","name":"fechas_extra","aria-label":"","prefix":"acf","type":"text","value":null,"menu_order":3,"instructions":"","required":0,"id":"","class":"","conditional_logic":0,"parent":1246,"wrapper":{"width":"","class":"","id":""},"default_value":"","maxlength":"","allow_in_bindings":0,"placeholder":"","prepend":"","append":"","_name":"fechas_extra","_valid":1}}},"mb":[],"mfb_rest_fields":["title"],"_links":{"self":[{"href":"https:\/\/dondevamos.com.ar\/wp\/wp-json\/wp\/v2\/publicacion\/1652","targetHints":{"allow":["GET"]}}],"collection":[{"href":"https:\/\/dondevamos.com.ar\/wp\/wp-json\/wp\/v2\/publicacion"}],"about":[{"href":"https:\/\/dondevamos.com.ar\/wp\/wp-json\/wp\/v2\/types\/agenda"}],"wp:featuredmedia":[{"embeddable":true,"href":"https:\/\/dondevamos.com.ar\/wp\/wp-json\/wp\/v2\/media\/1653"}],"wp:attachment":[{"href":"https:\/\/dondevamos.com.ar\/wp\/wp-json\/wp\/v2\/media?parent=1652"}],"wp:term":[{"taxonomy":"seccion","embeddable":true,"href":"https:\/\/dondevamos.com.ar\/wp\/wp-json\/wp\/v2\/seccion?post=1652"},{"taxonomy":"tipo_de_evento","embeddable":true,"href":"https:\/\/dondevamos.com.ar\/wp\/wp-json\/wp\/v2\/tipo_de_evento?post=1652"}],"curies":[{"name":"wp","href":"https:\/\/api.w.org\/{rel}","templated":true}]}}