{"id":1159,"date":"2026-03-12T20:28:58","date_gmt":"2026-03-12T20:28:58","guid":{"rendered":"https:\/\/dondevamos.com.ar\/wp\/?post_type=agenda&#038;p=1159"},"modified":"2026-03-12T20:28:58","modified_gmt":"2026-03-12T20:28:58","slug":"tarantino-anuncia-su-debut-teatral-con-una-comedia-de-capa-y-espada-en-londres","status":"publish","type":"agenda","link":"https:\/\/dondevamos.com.ar\/wp\/agenda\/tarantino-anuncia-su-debut-teatral-con-una-comedia-de-capa-y-espada-en-londres\/","title":{"rendered":"TARANTINO ANUNCIA SU DEBUT TEATRAL CON UNA COMEDIA DE CAPA Y ESPADA EN LONDRES"},"content":{"rendered":"\n<p><\/p>\n\n\n\n<p>Quentin Tarantino prepara su salto al teatro. El director anunci\u00f3 que escribir\u00e1 y dirigir\u00e1 \u00abThe Popinjay Cavalier\u00bb, una obra que se estrenar\u00e1 el a\u00f1o que viene en el West End de Londres. Se define como una \u00abcomedia desenfrenada sobre el enga\u00f1o\u00bb, ambientada en la Europa de la d\u00e9cada de 1830 e inspirada en las cl\u00e1sicas epopeyas de capa y espada del cine y el teatro.<\/p>\n\n\n\n<p>La producci\u00f3n est\u00e1 a cargo de Sonia Friedman Productions, ganadora de m\u00faltiples premios Tony, junto a Sony Pictures Entertainment. Todav\u00eda no se conocen detalles sobre el reparto, el equipo creativo ni el teatro espec\u00edfico donde se presentar\u00e1.<\/p>\n\n\n\n<p>La movida llega a\u00f1os despu\u00e9s de \u00ab\u00c9rase una vez en Hollywood\u00bb (2019), su novena pel\u00edcula. Tarantino siempre dijo que se retirar\u00eda despu\u00e9s de hacer diez films: \u00abQuiero que haya un cord\u00f3n umbilical entre mi primera pel\u00edcula y mi \u00faltima\u00bb, declar\u00f3. Un proyecto conocido como \u00abThe Movie Critic\u00bb fue descartado en 2024, y desde entonces no hubo novedades sobre su d\u00e9cimo largometraje.<\/p>\n\n\n\n<p>En paralelo, la semana pasada Rosanna Arquette lo critic\u00f3 por el uso de insultos raciales en \u00abPulp Fiction\u00bb. Tarantino respondi\u00f3 con una carta donde le reproch\u00f3 \u00abuna decidida falta de clase, por no decir de honor\u00bb por desprestigiar la pel\u00edcula despu\u00e9s de haber cobrado por ella.<\/p>\n","protected":false},"featured_media":1160,"template":"","meta":{"_acf_changed":false},"seccion":[13,11],"tipo_de_evento":[],"class_list":["post-1159","agenda","type-agenda","status-publish","has-post-thumbnail","hentry","seccion-nota","seccion-portada-izquierda"],"acf":{"fecha_inicio_de_evento":{"simple_value_formatted":null,"value_formatted":null,"value":null,"field":{"ID":1313,"key":"field_69b7addf2bc8b","label":"Fecha Inicio de Evento (opcional para crear y mostrar Rango)","name":"fecha_inicio_de_evento","aria-label":"","prefix":"acf","type":"date_time_picker","value":null,"menu_order":0,"instructions":"","required":0,"id":"","class":"","conditional_logic":0,"parent":1246,"wrapper":{"width":"","class":"","id":""},"display_format":"j F, g:i a","return_format":"j F, g:i a","first_day":1,"default_to_current_date":0,"allow_in_bindings":0,"_name":"fecha_inicio_de_evento","_valid":1}},"fecha_de_evento":{"simple_value_formatted":null,"value_formatted":null,"value":null,"field":{"ID":1247,"key":"field_69b5c6ada84ac","label":"Fecha de Evento (Fin)","name":"fecha_de_evento","aria-label":"","prefix":"acf","type":"date_time_picker","value":null,"menu_order":1,"instructions":"","required":0,"id":"","class":"","conditional_logic":0,"parent":1246,"wrapper":{"width":"","class":"","id":""},"display_format":"j F, g:i a","return_format":"j F, g:i a","first_day":1,"default_to_current_date":0,"allow_in_bindings":0,"_name":"fecha_de_evento","_valid":1}},"dias_del_rango":{"simple_value_formatted":"todos","value_formatted":"todos","value":"todos","field":{"ID":1323,"key":"field_69b7ba6cac7d1","label":"D\u00edas del rango","name":"dias_del_rango","aria-label":"","prefix":"acf","type":"radio","value":null,"menu_order":2,"instructions":"","required":0,"id":"","class":"","conditional_logic":0,"parent":1246,"wrapper":{"width":"","class":"","id":""},"choices":{"todos":"Todo el rango","habiles":"D\u00edas h\u00e1biles (Lun-Vie)","finde":"Fines de semana (S\u00e1b-Dom)"},"default_value":"todos","return_format":"value","allow_null":0,"other_choice":0,"allow_in_bindings":0,"layout":"vertical","save_other_choice":0,"_name":"dias_del_rango","_valid":1}},"fechas_extra":{"simple_value_formatted":"","value_formatted":"","value":"","field":{"ID":1317,"key":"field_69b7b43578fd9","label":"Fechas extra separadas por coma. Formato: YYYY-MM-DD HH. Ej: 2026-03-21 21, 2026-03-28 21","name":"fechas_extra","aria-label":"","prefix":"acf","type":"text","value":null,"menu_order":3,"instructions":"","required":0,"id":"","class":"","conditional_logic":0,"parent":1246,"wrapper":{"width":"","class":"","id":""},"default_value":"","maxlength":"","allow_in_bindings":0,"placeholder":"","prepend":"","append":"","_name":"fechas_extra","_valid":1}}},"mb":[],"mfb_rest_fields":["title"],"_links":{"self":[{"href":"https:\/\/dondevamos.com.ar\/wp\/wp-json\/wp\/v2\/publicacion\/1159","targetHints":{"allow":["GET"]}}],"collection":[{"href":"https:\/\/dondevamos.com.ar\/wp\/wp-json\/wp\/v2\/publicacion"}],"about":[{"href":"https:\/\/dondevamos.com.ar\/wp\/wp-json\/wp\/v2\/types\/agenda"}],"wp:featuredmedia":[{"embeddable":true,"href":"https:\/\/dondevamos.com.ar\/wp\/wp-json\/wp\/v2\/media\/1160"}],"wp:attachment":[{"href":"https:\/\/dondevamos.com.ar\/wp\/wp-json\/wp\/v2\/media?parent=1159"}],"wp:term":[{"taxonomy":"seccion","embeddable":true,"href":"https:\/\/dondevamos.com.ar\/wp\/wp-json\/wp\/v2\/seccion?post=1159"},{"taxonomy":"tipo_de_evento","embeddable":true,"href":"https:\/\/dondevamos.com.ar\/wp\/wp-json\/wp\/v2\/tipo_de_evento?post=1159"}],"curies":[{"name":"wp","href":"https:\/\/api.w.org\/{rel}","templated":true}]}}